{"id":1293,"date":"2015-09-25T16:32:09","date_gmt":"2015-09-25T14:32:09","guid":{"rendered":"http:\/\/ogv-wurmberg.de\/cms\/?page_id=1293"},"modified":"2020-06-17T04:40:40","modified_gmt":"2020-06-17T02:40:40","slug":"rettich","status":"publish","type":"page","link":"https:\/\/ogv-wurmberg.de\/cms\/rettich\/","title":{"rendered":"&#8211; Rettich und Radieschen"},"content":{"rendered":"<div id=\"attachment_7606\" style=\"width: 310px\" class=\"wp-caption alignright\"><a href=\"https:\/\/ogv-wurmberg.de\/cms\/wp-content\/uploads\/2019\/05\/radieskarott.jpg\"><img loading=\"lazy\" decoding=\"async\" aria-describedby=\"caption-attachment-7606\" class=\"wp-image-7606 size-medium\" src=\"https:\/\/ogv-wurmberg.de\/cms\/wp-content\/uploads\/2019\/05\/radieskarott-300x254.jpg\" alt=\"\" width=\"300\" height=\"254\" srcset=\"https:\/\/ogv-wurmberg.de\/cms\/wp-content\/uploads\/2019\/05\/radieskarott-300x254.jpg 300w, https:\/\/ogv-wurmberg.de\/cms\/wp-content\/uploads\/2019\/05\/radieskarott.jpg 546w\" sizes=\"auto, (max-width: 300px) 100vw, 300px\" \/><\/a><p id=\"caption-attachment-7606\" class=\"wp-caption-text\">Radieschen zwischen Karotten im Mai<\/p><\/div>\n<p>Rettich ist ein Wurzelgem\u00fcse und geh\u00f6rt zur Familie der Kreuzbl\u00fctler. Bereits im fr\u00fchen Mittelalter war er in Deutschland bekannt. Urspr\u00fcnglich stammen Rettiche wohl aus Vorderasien. Wir kennen viele Sorten, u.a. mit roten, wei\u00dfen und schwarzen Wurzeln, die sowohl lang und spitz als auch rund sein k\u00f6nnen. Rettiche sind <strong>Schwachzehrer<\/strong> und brauchen lockeren Boden. G\u00fcnstig\u00a0 ist eine Fl\u00e4chenkompostierung im Jahr vor dem Anbau. Wie bei allen Wurzelgem\u00fcsen ist schwerer verdichteter Boden f\u00fcr die Rettichkultur ungeeeignet. F\u00fcr den Anbau ist es wichtig, Sommer- und Winterrettich zu unterscheiden.<\/p>\n<div id=\"attachment_5978\" style=\"width: 260px\" class=\"wp-caption alignleft\"><a href=\"http:\/\/ogv-wurmberg.de\/cms\/wp-content\/uploads\/2015\/09\/rettichsommer.jpg\"><img loading=\"lazy\" decoding=\"async\" aria-describedby=\"caption-attachment-5978\" class=\"size-medium wp-image-5978\" src=\"http:\/\/ogv-wurmberg.de\/cms\/wp-content\/uploads\/2015\/09\/rettichsommer-250x300.jpg\" alt=\"Sommerrettichernte Ende Mai \" width=\"250\" height=\"300\" srcset=\"https:\/\/ogv-wurmberg.de\/cms\/wp-content\/uploads\/2015\/09\/rettichsommer-250x300.jpg 250w, https:\/\/ogv-wurmberg.de\/cms\/wp-content\/uploads\/2015\/09\/rettichsommer-768x922.jpg 768w, https:\/\/ogv-wurmberg.de\/cms\/wp-content\/uploads\/2015\/09\/rettichsommer-853x1024.jpg 853w, https:\/\/ogv-wurmberg.de\/cms\/wp-content\/uploads\/2015\/09\/rettichsommer.jpg 1564w\" sizes=\"auto, (max-width: 250px) 100vw, 250px\" \/><\/a><p id=\"caption-attachment-5978\" class=\"wp-caption-text\">Sommerrettich Ende Mai<\/p><\/div>\n<p>Radieschen sind wie Sommerrettich zu behandeln. Der w\u00fcrzig-scharfe Rettichgeschmack wird durch Senf\u00f6le hervorgerufen und ist je nach Sorte und Bodenbeschaffenheit unterschiedlich ausgepr\u00e4gt. Im Gew\u00e4chshaus rasch hochgez\u00fcchtete Ware kann fast schon fade schmecken. Rettiche und Radieschen sind vor allem wegen ihrer Senf\u00f6le sehr gesund, geh\u00f6ren aber auch zu den am st\u00e4rksten mit Nitrat belasteten Gem\u00fcsen, wenn sie auf \u00fcberd\u00fcngten B\u00f6den wachsen.<\/p>\n<p><strong>G\u00fcnstige Nachbarn<\/strong> sind Salate, Karotten, Kohl, Mangold, Pastinaken und Tomaten,<strong> ung\u00fcnstig<\/strong> sind Zwiebeln.<\/p>\n<div id=\"attachment_4732\" style=\"width: 310px\" class=\"wp-caption alignright\"><a href=\"http:\/\/ogv-wurmberg.de\/cms\/wp-content\/uploads\/2015\/09\/Rettich.jpg\"><img loading=\"lazy\" decoding=\"async\" aria-describedby=\"caption-attachment-4732\" class=\"wp-image-4732 size-medium\" src=\"http:\/\/ogv-wurmberg.de\/cms\/wp-content\/uploads\/2015\/09\/Rettich-300x268.jpg\" alt=\"Winterrettich\" width=\"300\" height=\"268\" srcset=\"https:\/\/ogv-wurmberg.de\/cms\/wp-content\/uploads\/2015\/09\/Rettich-300x268.jpg 300w, https:\/\/ogv-wurmberg.de\/cms\/wp-content\/uploads\/2015\/09\/Rettich-768x686.jpg 768w, https:\/\/ogv-wurmberg.de\/cms\/wp-content\/uploads\/2015\/09\/Rettich-1024x914.jpg 1024w, https:\/\/ogv-wurmberg.de\/cms\/wp-content\/uploads\/2015\/09\/Rettich.jpg 1365w\" sizes=\"auto, (max-width: 300px) 100vw, 300px\" \/><\/a><p id=\"caption-attachment-4732\" class=\"wp-caption-text\">Winterrettich im Oktober<\/p><\/div>\n<p><strong>Anbau:<\/strong> Bereits Mitte M\u00e4rz s\u00e4t man <em>Sommerrettich<\/em> in eine Schwachzehrerreihe (blaue Reihen, siehe<span style=\"color: #000000;\"> <a style=\"color: #000000;\" href=\"http:\/\/ogv-wurmberg.de\/cms\/gemueseanbau-in-mischkultur-grundlagen\/\">Anbauplan!<\/a>), die <\/span>vorher mit der Grabegabel gelockert und dann durchgehackt wurde. Wenn er 10 &#8211; 15 cm hoch ist, wird er auf Abst\u00e4nde von ca. 15 cm vereinzelt. Wir verwenden gern Mangold oder Pfl\u00fccksalate als Zwischensaat. Die Bl\u00e4tter der nach dem Vereinzeln nicht mehr gebrauchten Pfl\u00e4nzchen kann man als Beimischung in Pfl\u00fccksalaten verwenden. Ab Mitte Juni kann Sommerrettich geerntet werden. <em>Radieschen<\/em> werden zum selben Zeitpunkt gern in Zwischenkultur mit Karotten, Pastinaken oder Schnittsalat ges\u00e4t und sind im Mai bereits erntereif. Mitte Juni bis August s\u00e4en wir den <em>Winterrrettich.<\/em> Damit er m\u00f6glichst gut ausreift, sollte er im Herbst so lange wie m\u00f6glich im Beet stehen bleiben. Vor den ersten Fr\u00f6sten muss er allerdings\u00a0 geerntet werden, weil er Frost nicht vertr\u00e4gt. Rettich und Radieschen (aber auch Rucola und Chinakohl) werden manchmal von <em>Erdfl\u00f6hen<\/em> befallen. Dies ist erkennbar an den kleinen L\u00f6chern in den Bl\u00e4ttern und schadet vor allem jungen Pflanzen. Die Sch\u00e4dlinge m\u00f6gen besonders gern trockene warme B\u00f6den. Daher ist das Mulchen eine gute Ma\u00dfnahme, um dem Befall vorzubeugen.<\/p>\n<p><strong>Lagerung:\u00a0<\/strong>Sommerrettich und Radieschen k\u00f6nnen wir frisch in Salaten verwenden. Im Gem\u00fcsefach des K\u00fchlschranks sind sie ca. 1 Woche haltbar. Das Gr\u00fcn sollte sofort abgeschnitten werden, weil es der Knolle Wasser entzieht. Winterrettich wird ebenfalls frisch verwendet oder zur Lagerung in einem k\u00fchlen Raum in Sand eingeschlagen. Dann ist er mehrere Monate haltbar. Ihn einzufrieren ist nicht empfehlenswert, weil er dann seinen Geschmack verliert.<\/p>\n<p><strong>Empfehlenswerte Sorten:<\/strong> Ostergru\u00df rosa 2 (Sommerrettich), Runder schwarzer Winter (Winterrettich), Rudi (Radieschen)<\/p>\n<p><strong>Kochrezepte<\/strong> mit Rettich sind<em><span style=\"color: #000000;\"><a style=\"color: #000000;\" href=\"http:\/\/ogv-wurmberg.de\/cms\/rettich-rezepte\/\"> hier<\/a> <\/span><\/em>zu finden!<\/p>\n<hr \/>\n<p><a href=\"http:\/\/ogv-wurmberg.de\/cms\/gemuese-portraits\/\"> zur\u00fcck!<\/a><\/p>\n","protected":false},"excerpt":{"rendered":"<p>Rettich ist ein Wurzelgem\u00fcse und geh\u00f6rt zur Familie der Kreuzbl\u00fctler. Bereits im fr\u00fchen Mittelalter war er in Deutschland bekannt. Urspr\u00fcnglich stammen Rettiche wohl aus Vorderasien. Wir kennen viele Sorten, u.a. mit roten, wei\u00dfen und schwarzen Wurzeln, die sowohl lang und spitz als auch rund sein k\u00f6nnen. Rettiche sind Schwachzehrer und brauchen lockeren Boden. G\u00fcnstig\u00a0 ist [&hellip;]<\/p>\n","protected":false},"author":2,"featured_media":0,"parent":0,"menu_order":0,"comment_status":"closed","ping_status":"closed","template":"","meta":{"footnotes":""},"class_list":["post-1293","page","type-page","status-publish","hentry"],"_links":{"self":[{"href":"https:\/\/ogv-wurmberg.de\/cms\/wp-json\/wp\/v2\/pages\/1293","targetHints":{"allow":["GET"]}}],"collection":[{"href":"https:\/\/ogv-wurmberg.de\/cms\/wp-json\/wp\/v2\/pages"}],"about":[{"href":"https:\/\/ogv-wurmberg.de\/cms\/wp-json\/wp\/v2\/types\/page"}],"author":[{"embeddable":true,"href":"https:\/\/ogv-wurmberg.de\/cms\/wp-json\/wp\/v2\/users\/2"}],"replies":[{"embeddable":true,"href":"https:\/\/ogv-wurmberg.de\/cms\/wp-json\/wp\/v2\/comments?post=1293"}],"version-history":[{"count":45,"href":"https:\/\/ogv-wurmberg.de\/cms\/wp-json\/wp\/v2\/pages\/1293\/revisions"}],"predecessor-version":[{"id":8956,"href":"https:\/\/ogv-wurmberg.de\/cms\/wp-json\/wp\/v2\/pages\/1293\/revisions\/8956"}],"wp:attachment":[{"href":"https:\/\/ogv-wurmberg.de\/cms\/wp-json\/wp\/v2\/media?parent=1293"}],"curies":[{"name":"wp","href":"https:\/\/api.w.org\/{rel}","templated":true}]}}