{"id":22,"date":"2015-02-19T20:59:05","date_gmt":"2015-02-19T20:59:05","guid":{"rendered":"http:\/\/ogv-wurmberg.de\/cms\/?page_id=22"},"modified":"2022-05-26T13:09:50","modified_gmt":"2022-05-26T11:09:50","slug":"impressum","status":"publish","type":"page","link":"https:\/\/ogv-wurmberg.de\/cms\/impressum\/","title":{"rendered":"Impressum"},"content":{"rendered":"<p>Verantwortlicher Redakteur f\u00fcr die\u00a0Betreuung der Internetinhalte\u00a0ist<\/p>\n<p>Thomas Schickle<br \/>\nObst- und Gartenbauverein Wurmberg e. V.<br \/>\nE-Mail: info (at) ogv-wurmberg.de<\/p>\n<p>Diese Webseiten verfolgen keine kommerziellen Interessen.\u00a0Falls Sie Fragen, Kritik oder Anregungen dazu haben, dann senden Sie einfach eine E-Mail oder nutzen Sie unser <a title=\"Kontakt\" href=\"http:\/\/ogv-wurmberg.de\/cms\/?page_id=12\">Kontaktformular<\/a>. Ebenfalls k\u00f6nnen Sie sich nat\u00fcrlich auch gerne bei Peter Koch (Schriftf\u00fchrer) schriftfuehrer (at) ogv-wurmberg.de melden.<\/p>\n<h3>Sitz des Vereins<\/h3>\n<p>Obst- und Gartenbauverein Wurmberg e. V.<br \/>\nVorstand\u00a0Thomas Schickle<br \/>\nGollmerstra\u00dfe 13<br \/>\n75449 Wurmberg<\/p>\n<p>Tel.: +49 7044-43666<br \/>\nE-Mail: vorstand (at) ogv-wurmberg.de<\/p>\n<p>Vereinsregister<br \/>\nAmtsgericht Mannheim\u00a0VR\u00a0510335<\/p>\n<h3><\/h3>\n<h3>Technische Umsetzung<\/h3>\n<p><a href=\"https:\/\/skylabs.eu\" target=\"_blank\" rel=\"noopener\">Skylabs<\/a> &#8211;\u00a0IT. L\u00f6sungen.<\/p>\n<p>Bitte beachten Sie die wichtigen rechtlichen Hinweise zu den Inhalten und zur Verf\u00fcgbarkeit dieser Webseiten, zum Urheberrecht und zu externen Links.<\/p>\n<h3>Inhalte dieser Website<\/h3>\n<p>Die Inhalte dieser Website werden mit gr\u00f6\u00dftm\u00f6glicher Sorgfalt erstellt. Der OGV Wurmberg e.\u00a0V. \u00fcbernimmt jedoch keine Gew\u00e4hr f\u00fcr die Richtigkeit, Vollst\u00e4ndigkeit und Aktualit\u00e4t der bereitgestellten Inhalte.<\/p>\n<h3>Verf\u00fcgbarkeit der Website<\/h3>\n<p>Der OGV Wurmberg e.\u00a0V.\u00a0wird sich bem\u00fchen, den Dienst m\u00f6glichst unterbrechungsfrei zum Abruf anzubieten. Auch bei aller Sorgfalt k\u00f6nnen aber Ausfallzeiten nicht ausgeschlossen werden. Wir behalten uns das Recht vor, unser Angebot jederzeit zu \u00e4ndern oder einzustellen. F\u00fcr durch nicht fehlerfrei angelegte Dateien oder nicht fehlerfrei strukturierte Formate bedingte Unterbrechungen oder anderweitige St\u00f6rungen k\u00f6nnen wir keine Gew\u00e4hr \u00fcbernehmen.<\/p>\n<h3>Urheberrecht<\/h3>\n<p>Alle Inhalte und Strukturen dieser Website sind urheber- und leistungsschutzrechtlich gesch\u00fctzt. Die Ver\u00f6ffentlichung im World Wide Web oder in sonstigen Diensten des Internet bedeutet noch keine Einverst\u00e4ndniserkl\u00e4rung f\u00fcr eine anderweitige Nutzung durch Dritte. Jede vom deutschen Urheberrecht nicht zugelassene Verwertung bedarf der vorherigen schriftlichen Zustimmung des\u00a0OGV Wurmberg e.\u00a0V.. Wir erlauben und begr\u00fc\u00dfen ausdr\u00fccklich das Setzen von Links auf unsere Website, solange kenntlich gemacht wird, dass es sich um Inhalte der Website des\u00a0OGV Wurmberg e.\u00a0V.\u00a0handelt und diese Inhalte nicht in Verbindung mit Inhalten Dritter gebracht werden, die den Interessen des OGV Wurmberg e.\u00a0V.\u00a0widersprechen.<\/p>\n<h3>Hinweis zur Problematik von externen Links<\/h3>\n<p>Der\u00a0OGV Wurmberg e.\u00a0V.\u00a0ist als Inhaltsanbieter nach \u00a7 7 Abs.1 Telemediengesetz f\u00fcr die \u201ceigenen Inhalte\u201d, die wir zur Nutzung bereithalten, nach den allgemeinen Gesetzen verantwortlich. Von diesen eigenen Inhalten sind Querverweise (\u201cLinks\u201d) auf die von anderen Anbietern bereitgehaltenen Inhalte zu unterscheiden. Durch den Querverweis h\u00e4lt der\u00a0OGV Wurmberg e.\u00a0V.\u00a0 insofern \u201cfremde Inhalte\u201d zur Nutzung bereit, die in dieser Weise gekennzeichnet sind: Bei \u201cLinks\u201d handelt es sich stets um \u201clebende\u201d (dynamische) Verweisungen. Der\u00a0OGV Wurmberg e.\u00a0V.\u00a0hat bei der erstmaligen Verkn\u00fcpfung zwar den fremden Inhalt daraufhin \u00fcberpr\u00fcft, ob durch ihn eine m\u00f6gliche zivilrechtliche oder strafrechtliche Verantwortlichkeit ausgel\u00f6st wird. Wir \u00fcberpr\u00fcfen aber die Inhalte, auf die er in seinem Angebot verweist, nicht st\u00e4ndig auf Ver\u00e4nderungen, die eine Verantwortlichkeit neu begr\u00fcnden k\u00f6nnten. Wenn wir feststellen oder von anderen darauf hingewiesen werden, dass ein konkretes Angebot, zu dem er einen Link bereitgestellt hat, eine zivil- oder strafrechtliche Verantwortlichkeit ausl\u00f6st, werden wir den Verweis auf dieses Angebot aufheben.<\/p>\n<h3>Bildnachweis<\/h3>\n<p>Startseite, Baum in vier Jahreszeiten: \u00a9 Photobank \u2013 Fotolia.com<br \/>\nStartseite, Hand mit Gartenschere:\u00a0\u00a9 Alexander Raths\u00a0\u2013 Fotolia.com<br \/>\nStartseite, Pflanzung von Setzlingen:\u00a0\u00a9\u00a0Alexander Raths\u00a0\u2013 Fotolia.com<br \/>\nWebseitenhintergrund, Wiese mit Gras: \u00a9 Thaut Images \u2013 Fotolia.com<\/p>\n<h3>Literaturquellen<\/h3>\n<p>1. Gertrud Franck, Brunhilde Bross-Burghardt: Gesunder Garten durch Mischkultur, Oekom-Verlag 2019.<\/p>\n<p>2. Jutta Langheineken, Christa Weinrich (OSB): Schwester Christas Mischkultur, Ulmer-Verlag 2016.<\/p>\n<p>3. Dr. Reinhardt Witt: Natur f\u00fcr jeden Garten., Selbstverlag.<\/p>\n<p>4. Helmut Loose: Obstbaumschnitt, BLV-Verlagsgesellschaft mbH, 2004.<\/p>\n<p>&nbsp;<\/p>\n","protected":false},"excerpt":{"rendered":"<p>Verantwortlicher Redakteur f\u00fcr die\u00a0Betreuung der Internetinhalte\u00a0ist Thomas Schickle Obst- und Gartenbauverein Wurmberg e. V. E-Mail: info (at) ogv-wurmberg.de Diese Webseiten verfolgen keine kommerziellen Interessen.\u00a0Falls Sie Fragen, Kritik oder Anregungen dazu haben, dann senden Sie einfach eine E-Mail oder nutzen Sie unser Kontaktformular. Ebenfalls k\u00f6nnen Sie sich nat\u00fcrlich auch gerne bei Peter Koch (Schriftf\u00fchrer) schriftfuehrer (at) [&hellip;]<\/p>\n","protected":false},"author":1,"featured_media":0,"parent":0,"menu_order":0,"comment_status":"closed","ping_status":"closed","template":"","meta":{"footnotes":""},"class_list":["post-22","page","type-page","status-publish","hentry"],"_links":{"self":[{"href":"https:\/\/ogv-wurmberg.de\/cms\/wp-json\/wp\/v2\/pages\/22","targetHints":{"allow":["GET"]}}],"collection":[{"href":"https:\/\/ogv-wurmberg.de\/cms\/wp-json\/wp\/v2\/pages"}],"about":[{"href":"https:\/\/ogv-wurmberg.de\/cms\/wp-json\/wp\/v2\/types\/page"}],"author":[{"embeddable":true,"href":"https:\/\/ogv-wurmberg.de\/cms\/wp-json\/wp\/v2\/users\/1"}],"replies":[{"embeddable":true,"href":"https:\/\/ogv-wurmberg.de\/cms\/wp-json\/wp\/v2\/comments?post=22"}],"version-history":[{"count":49,"href":"https:\/\/ogv-wurmberg.de\/cms\/wp-json\/wp\/v2\/pages\/22\/revisions"}],"predecessor-version":[{"id":9109,"href":"https:\/\/ogv-wurmberg.de\/cms\/wp-json\/wp\/v2\/pages\/22\/revisions\/9109"}],"wp:attachment":[{"href":"https:\/\/ogv-wurmberg.de\/cms\/wp-json\/wp\/v2\/media?parent=22"}],"curies":[{"name":"wp","href":"https:\/\/api.w.org\/{rel}","templated":true}]}}